{"id":13983,"date":"2025-02-12T10:17:09","date_gmt":"2025-02-12T10:17:09","guid":{"rendered":"https:\/\/viasabadell.es\/?page_id=13983"},"modified":"2025-11-10T12:29:30","modified_gmt":"2025-11-10T12:29:30","slug":"kenay-en-sabadell","status":"publish","type":"page","link":"https:\/\/viasabadell.es\/ca\/plano-del-centro\/decoracio\/kenay-en-sabadell\/","title":{"rendered":"Kenay a Sabadell"},"content":{"rendered":"<style type=\"text\/css\"> \n#cmsmasters_row_69f33be78f71b6_79908515 .cmsmasters_row_outer_parent { \n\tpadding-top: 30px; \n} \n\n#cmsmasters_row_69f33be78f71b6_79908515 .cmsmasters_row_outer_parent { \n\tpadding-bottom: 70px; \n} \n\n \n#cmsmasters_row_69f33be78f9841_54627495 .cmsmasters_row_outer_parent { \n\tpadding-top: 30px; \n} \n\n#cmsmasters_row_69f33be78f9841_54627495 .cmsmasters_row_outer_parent { \n\tpadding-bottom: 15px; \n} \n\n \n#cmsmasters_row_69f33be78fb121_96589127 .cmsmasters_row_outer_parent { \n\tpadding-top: 0px; \n} \n\n#cmsmasters_row_69f33be78fb121_96589127 .cmsmasters_row_outer_parent { \n\tpadding-bottom: 80px; \n} \n\n \n#cmsmasters_icon_box_69f33be78fd5a8_16337746 { \n\tborder-width:0px; \n} \n\n#cmsmasters_icon_box_69f33be78fd5a8_16337746:before, \n#cmsmasters_icon_box_69f33be78fd5a8_16337746 .icon_box_heading:before { \n\tfont-size:0px; \n\tline-height:205px; \n\twidth:205px; \n\theight:205px; \n\tborder-width:0px; \n} \n\n#cmsmasters_icon_box_69f33be78fd5a8_16337746 { \n\tpadding-top:235px; } \n\n#cmsmasters_icon_box_69f33be78fd5a8_16337746:before, \n#cmsmasters_icon_box_69f33be78fd5a8_16337746 .icon_box_heading:before { \n\tmargin-left:-102.5px; \n\t} \n\n#cmsmasters_icon_box_69f33be78fd5a8_16337746.cmsmasters_icon_top { \n\tpadding-top:265px; \n\t} \n\n#cmsmasters_icon_box_69f33be78fd5a8_16337746:before { \n\tbackground-image:url(https:\/\/viasabadell.es\/wp-content\/uploads\/2024\/07\/WhatsApp-Image-2022-05-04-at-15.36.51.webp); \n} \n \n#cmsmasters_heading_69f33be7902025_10615915 { \n\ttext-align:center; \n\tmargin-top:10px; \n\tmargin-bottom:10px; \n} \n\n#cmsmasters_heading_69f33be7902025_10615915 .cmsmasters_heading { \n\ttext-align:center; \n\tmargin-left:1em; \n\tmargin-right:1em; \n} \n\n#cmsmasters_heading_69f33be7902025_10615915 .cmsmasters_heading, #cmsmasters_heading_69f33be7902025_10615915 .cmsmasters_heading a { \n\tfont-weight:600; \n\tfont-style:normal; \n} \n\n#cmsmasters_heading_69f33be7902025_10615915 .cmsmasters_heading_divider { \n\tborder-bottom-width:1px; \n\tborder-bottom-style:solid; \n\tborder-bottom-color:#e4e4e4;\n\tmargin-top:-1px; \n} \n\n<\/style><div id=\"cmsmasters_row_69f33be78f71b6_79908515\" class=\"cmsmasters_row cmsmasters_color_scheme_default cmsmasters_row_top_default cmsmasters_row_bot_default cmsmasters_row_boxed\">\n<div class=\"cmsmasters_row_outer_parent\">\n<div class=\"cmsmasters_row_outer\">\n<div class=\"cmsmasters_row_inner\">\n<div class=\"cmsmasters_row_margin\">\n<div class=\"cmsmasters_column one_first\">\n<div class=\"cmsmasters_text\">\n<p><\/p>\n<\/div>\n<\/div>\n<\/div>\n<\/div>\n<\/div>\n<\/div>\n<\/div>\n<div id=\"cmsmasters_row_69f33be78f9841_54627495\" class=\"cmsmasters_row cmsmasters_color_scheme_default cmsmasters_row_top_default cmsmasters_row_bot_default cmsmasters_row_boxed\">\n<div class=\"cmsmasters_row_outer_parent\">\n<div class=\"cmsmasters_row_outer\">\n<div class=\"cmsmasters_row_inner\">\n<div class=\"cmsmasters_row_margin\">\n<div class=\"cmsmasters_column one_first\">\n<div class=\"cmsmasters_text\">\n<h1 style=\"text-align: center;\"><span style=\"font-size: 24pt; line-height: 32pt; font-weight: bold;\">Kenay <span style=\"font-weight: 100;\">a Sabadell<\/span><\/span><\/h1>\n<\/div>\n<div class=\"cmsmasters_text\">\n<p data-pm-slice=\"1 1 &#091;&#093;\"><strong>Descobreix l&#8217;ess\u00e8ncia de Kenay Sabadell<\/strong>. Si est\u00e0s buscant mobles i decoraci\u00f3 amb un toc escandinau, minimalista i modern, a la nostra botiga trobar\u00e0s tot el que necessites per crear espais lluminosos, funcionals i plens de personalitat. Vine a veure&#8217;ns a Sabadell i transforma casa teva amb l&#8217;estil \u00fanic de Kenay.<\/p>\n<\/div>\n<\/div>\n<\/div>\n<\/div>\n<\/div>\n<\/div>\n<\/div>\n<div id=\"cmsmasters_row_69f33be78fb121_96589127\" class=\"cmsmasters_row cmsmasters_color_scheme_default cmsmasters_row_top_default cmsmasters_row_bot_default cmsmasters_row_boxed\">\n<div class=\"cmsmasters_row_outer_parent\">\n<div class=\"cmsmasters_row_outer\">\n<div class=\"cmsmasters_row_inner\">\n<div class=\"cmsmasters_row_margin\">\n<div class=\"cmsmasters_column one_first logo caixa2\">\n\n<div id=\"cmsmasters_icon_box_69f33be78fd5a8_16337746\" class=\"cmsmasters_icon_box cmsmasters_icon_top box_icon_type_image \">\n<div class=\"icon_box_inner\">\n<h2 class=\"icon_box_heading\">Kenay Sabadell: Estil N\u00f2rdic i Disseny Contemporani per a la Teva Llar<\/h2>\n<div class=\"icon_box_text\">\n<p><\/p>\n<\/div>\n<\/div>\n<\/div>\n\n<div id=\"cmsmasters_heading_69f33be7902025_10615915\" class=\"cmsmasters_heading_wrap cmsmasters_heading_align_center cmsmasters_heading_divider_long\">\n\t<span class=\"cmsmasters_heading_divider_left_wrap\"><span class=\"cmsmasters_heading_divider cmsmasters_heading_divider_left\"><\/span><\/span>\n<h3 class=\"cmsmasters_heading cmsmasters-icon-wallet-1\">INFORMACI\u00d3<\/h3>\n<span class=\"cmsmasters_heading_divider_right_wrap\"><span class=\"cmsmasters_heading_divider cmsmasters_heading_divider_right\"><\/span><\/span>\n<\/div><div class=\"cmsmasters_text\">\n<p style=\"text-align: center;\"><a href=\"https:\/\/kenayhome.com\/es\/\" target=\"_blank\" rel=\"noopener\">P\u00c0GINA WEB<\/a><\/p>\n<\/div>\n<div class=\"cmsmasters_text\">\n<p style=\"text-align: center;\">TELF: <a href=\"tel:+34937062010\" data-dtype=\"d3ph\" data-local-attribute=\"d3ph\" data-ved=\"2ahUKEwj09aHv2Jf1AhWKlGoFHUt6D7AQkAgoAHoECEsQAw\"><span aria-label=\"Truca al n\u00famero de tel\u00e8fon 936 39 57 19\">93 70 62 010<\/span><\/a><\/p>\n<\/div>\n<div class=\"cmsmasters_text\">\n<h3 data-pm-slice=\"1 1 &#091;&#093;\">Per qu\u00e8 triar Kenay Sabadell?<\/h3>\n<p>A <strong>Kenay Sabadell<\/strong> estem especialitzats en oferir mobles i accessoris de disseny contemporani, amb materials d&#8217;alta qualitat i acabats elegants. El nostre ampli cat\u00e0leg inclou:<\/p>\n<ul data-spread=\"false\">\n<li><strong>Mobles de sal\u00f3 i menjador<\/strong> amb l\u00ednies pures i detalls sofisticats.<\/li>\n<li><strong>Dormitoris moderns<\/strong> que combinen confort i est\u00e8tica.<\/li>\n<li><strong>Solucions d&#8217;emmagatzematge intel\u00b7ligents<\/strong> per optimitzar cada espai.<\/li>\n<li><strong>Decoraci\u00f3 minimalista<\/strong> amb un enfocament en la simplicitat i la funcionalitat.<\/li>\n<li><strong>Mobles per a oficines i espais de treball<\/strong> amb un disseny ergon\u00f2mic i actual.<\/li>\n<\/ul>\n<p>El nostre equip d&#8217;experts en disseny d&#8217;interiors t&#8217;ajudar\u00e0 a trobar les millors opcions per a casa teva, adaptades al teu estil i necessitats.<\/p>\n<h3>Serveis i Avantatges de Kenay Sabadell<\/h3>\n<ul data-spread=\"false\">\n<li><strong>Assessorament en interiorisme<\/strong>: Professionals que et guiaran per crear ambients harmoniosos i acollidors.<\/li>\n<li><strong>Projectes personalitzats<\/strong>: Adaptats a les dimensions i estil de casa teva.<\/li>\n<li><strong>Servei de lliurament i muntatge<\/strong>: Perqu\u00e8 gaudeixis del teu nou espai sense preocupacions.<\/li>\n<li><strong>Materials sostenibles<\/strong>: Comprom\u00eds amb el medi ambient en cadascun dels nostres productes.<\/li>\n<li><strong>Ofertes exclusives<\/strong>: Promocions especials disponibles a la botiga.<\/li>\n<\/ul>\n<h3>On som?<\/h3>\n<p>Ens trobar\u00e0s al cor de <strong>Sabadell<\/strong>, amb f\u00e0cil acc\u00e9s i aparcament proper. Vine a visitar-nos i inspira&#8217;t amb les nostres col\u00b7leccions de disseny contemporani.<\/p>\n<h3>Dona un nou aire a casa teva amb Kenay Sabadell<\/h3>\n<p>No esperis m\u00e9s per renovar casa teva amb mobles i decoraci\u00f3 que reflecteixin el teu estil. <strong>Visita&#8217;ns a Kenay Sabadell<\/strong>, descobreix la nostra col\u00b7lecci\u00f3 i converteix casa teva en un espai ple de llum, disseny i confort.<\/p>\n<\/div>\n<\/div>\n<\/div>\n<\/div>\n<\/div>\n<\/div>\n<\/div>\n\n","protected":false},"excerpt":{"rendered":"","protected":false},"author":4,"featured_media":0,"parent":10348,"menu_order":0,"comment_status":"closed","ping_status":"closed","template":"","meta":{"footnotes":""},"class_list":["post-13983","page","type-page","status-publish","hentry"],"_links":{"self":[{"href":"https:\/\/viasabadell.es\/ca\/wp-json\/wp\/v2\/pages\/13983","targetHints":{"allow":["GET"]}}],"collection":[{"href":"https:\/\/viasabadell.es\/ca\/wp-json\/wp\/v2\/pages"}],"about":[{"href":"https:\/\/viasabadell.es\/ca\/wp-json\/wp\/v2\/types\/page"}],"author":[{"embeddable":true,"href":"https:\/\/viasabadell.es\/ca\/wp-json\/wp\/v2\/users\/4"}],"replies":[{"embeddable":true,"href":"https:\/\/viasabadell.es\/ca\/wp-json\/wp\/v2\/comments?post=13983"}],"version-history":[{"count":3,"href":"https:\/\/viasabadell.es\/ca\/wp-json\/wp\/v2\/pages\/13983\/revisions"}],"predecessor-version":[{"id":13986,"href":"https:\/\/viasabadell.es\/ca\/wp-json\/wp\/v2\/pages\/13983\/revisions\/13986"}],"up":[{"embeddable":true,"href":"https:\/\/viasabadell.es\/ca\/wp-json\/wp\/v2\/pages\/10348"}],"wp:attachment":[{"href":"https:\/\/viasabadell.es\/ca\/wp-json\/wp\/v2\/media?parent=13983"}],"curies":[{"name":"wp","href":"https:\/\/api.w.org\/{rel}","templated":true}]}}